{"id":4408757,"date":"2023-11-27T11:52:49","date_gmt":"2023-11-27T10:52:49","guid":{"rendered":"https:\/\/speechi.com\/?page_id=4408757"},"modified":"2023-11-27T17:50:00","modified_gmt":"2023-11-27T16:50:00","slug":"exclusive-umfrage-die-deutschen-und-das-schreiben","status":"publish","type":"page","link":"https:\/\/speechi.com\/de\/exclusive-umfrage-die-deutschen-und-das-schreiben\/","title":{"rendered":"Exclusive umfrage : Die Deutschen und das Schreiben"},"content":{"rendered":"<p>[et_pb_section fb_built=&#8220;1&#8243; _builder_version=&#8220;4.21.0&#8243; _module_preset=&#8220;default&#8220; hover_enabled=&#8220;0&#8243; global_colors_info=&#8220;{}&#8220; collapsed=&#8220;on&#8220; admin_label=&#8220;Introduction&#8220; sticky_enabled=&#8220;0&#8243;][et_pb_row _builder_version=&#8220;4.21.0&#8243; _module_preset=&#8220;default&#8220; global_colors_info=&#8220;{}&#8220;][et_pb_column type=&#8220;4_4&#8243; _builder_version=&#8220;4.21.0&#8243; _module_preset=&#8220;default&#8220; global_colors_info=&#8220;{}&#8220;][et_pb_text _builder_version=&#8220;4.21.0&#8243; _module_preset=&#8220;default&#8220; global_colors_info=&#8220;{}&#8220;]<\/p>\n<h1><b>Exklusive Umfrage von Appinio f\u00fcr Speechi<\/b><\/h1>\n<p>[\/et_pb_text][\/et_pb_column][\/et_pb_row][et_pb_row _builder_version=&#8220;4.21.0&#8243; _module_preset=&#8220;default&#8220; global_colors_info=&#8220;{}&#8220;][et_pb_column type=&#8220;4_4&#8243; _builder_version=&#8220;4.21.0&#8243; _module_preset=&#8220;default&#8220; global_colors_info=&#8220;{}&#8220;][et_pb_text _builder_version=&#8220;4.21.0&#8243; _module_preset=&#8220;default&#8220; global_colors_info=&#8220;{}&#8220;]<\/p>\n<h2><b>Die Deutschen, ihre Handschrift und Rechtschreibung im digitalen Zeitalter<\/b><\/h2>\n<p>[\/et_pb_text][\/et_pb_column][\/et_pb_row][et_pb_row _builder_version=&#8220;4.21.0&#8243; _module_preset=&#8220;default&#8220; global_colors_info=&#8220;{}&#8220;][et_pb_column type=&#8220;4_4&#8243; _builder_version=&#8220;4.21.0&#8243; _module_preset=&#8220;default&#8220; global_colors_info=&#8220;{}&#8220;][et_pb_text _builder_version=&#8220;4.21.0&#8243; _module_preset=&#8220;default&#8220; global_colors_info=&#8220;{}&#8220;]<\/p>\n<p><span style=\"font-weight: 400;\">Digitale Hilfsmittel und die Tastatur sind im Laufe der Jahre zu einem festen Bestandteil unseres Lebens geworden und werfen die Frage auf: Welchen Stellenwert hat die Handschrift heute im Alltag der Deutschen? Gibt es noch Anh\u00e4nger der klassischen Papier-Bleistift-Kombination und wie viele? Und welche Einstellung haben sie dar\u00fcber hinaus zur Rechtschreibung und zu inklusiver Schreibweise?<\/span><\/p>\n<p><span style=\"font-weight: 400;\">Um dies zu messen, beauftragte der Spezialist f\u00fcr kollaborative und interaktive L\u00f6sungen Speechi das Marktforschungsinstitut Appinio Mitte November mit der Befragung von \u00fcber tausend Frauen und M\u00e4nnern in Deutschland.<\/span><\/p>\n<p><span style=\"font-weight: 400;\">Die Ergebnisse dieser Studie zeigen, dass die Verwendung der Tastatur gegen\u00fcber dem Stift in Deutschland weiter zunimmt und weniger als ein F\u00fcnftel der Befragten angibt, h\u00e4ufiger mit der Hand als mit der Tastatur zu schreiben. Eine Tendenz, die sich durch die digitalen Gewohnheiten der j\u00fcngeren Generationen noch verst\u00e4rken d\u00fcrfte.<\/span><\/p>\n<p><span style=\"font-weight: 400;\">Da die Handschrift aber noch nicht obsolet ist, birgt sie weiterhin Schwierigkeiten f\u00fcr diejenigen, deren Schreibweise schwer zu entziffern ist. So geben viele Deutsche zu, dass sie aufgrund der Qualit\u00e4t ihrer Handschrift auf Schwierigkeiten gesto\u00dfen sind, die von Bemerkungen von Lehrern bis hin zum Verzicht auf Bewerbungen reichen.<\/span><\/p>\n<p><span style=\"font-weight: 400;\">Dar\u00fcber hinaus befasste sich die Umfrage mit der Rechtschreibung. Obwohl die Befragten sich selbst f\u00fcr kompetent halten, sind sie zu gro\u00dfen Teilen der Meinung, dass das allgemeine Niveau sinke, was mehrheitlich auf M\u00e4ngel des Schulsystems zur\u00fcckgef\u00fchrt wird.<\/span><\/p>\n<p><span style=\"font-weight: 400;\">Was die Frage nach der inklusiven Schreibweise angeht, stehen die Deutschen der Verwendung in offiziellen Dokumenten und privater Kommunikation mehrheitlich offen gegen\u00fcber und sehen darin einen Fortschritt auf dem Weg zur Gleichstellung der Geschlechter.<\/span><\/p>\n<p>[\/et_pb_text][\/et_pb_column][\/et_pb_row][\/et_pb_section][et_pb_section fb_built=&#8220;1&#8243; _builder_version=&#8220;4.21.0&#8243; _module_preset=&#8220;default&#8220; hover_enabled=&#8220;0&#8243; global_colors_info=&#8220;{}&#8220; admin_label=&#8220;Q1. Le num\u00e9rique domine&#8230;&#8220; sticky_enabled=&#8220;0&#8243; collapsed=&#8220;on&#8220;][et_pb_row _builder_version=&#8220;4.21.0&#8243; _module_preset=&#8220;default&#8220; global_colors_info=&#8220;{}&#8220; collapsed=&#8220;on&#8220;][et_pb_column type=&#8220;4_4&#8243; _builder_version=&#8220;4.21.0&#8243; _module_preset=&#8220;default&#8220; global_colors_info=&#8220;{}&#8220;][et_pb_text admin_label=&#8220;Titre Q1. Le num\u00e9rique domine&#8230;&#8220; _builder_version=&#8220;4.21.0&#8243; _module_preset=&#8220;default&#8220; hover_enabled=&#8220;0&#8243; global_colors_info=&#8220;{}&#8220; sticky_enabled=&#8220;0&#8243;]<\/p>\n<h3><b>Digital dominiert &#8230;<\/b><\/h3>\n<p>[\/et_pb_text][et_pb_image src=&#8220;https:\/\/speechi.com\/wp-content\/uploads\/2023\/11\/1-Digital-dominiert-1.jpg&#8220; _builder_version=&#8220;4.21.0&#8243; _module_preset=&#8220;default&#8220; theme_builder_area=&#8220;post_content&#8220; admin_label=&#8220;Image Digital dominiert&#8220; hover_enabled=&#8220;0&#8243; sticky_enabled=&#8220;0&#8243;][\/et_pb_image][et_pb_text admin_label=&#8220;Texte Q1. Le num\u00e9rique domine&#8230;&#8220; _builder_version=&#8220;4.21.0&#8243; _module_preset=&#8220;default&#8220; hover_enabled=&#8220;0&#8243; global_colors_info=&#8220;{}&#8220; sticky_enabled=&#8220;0&#8243;]<\/p>\n<p><b><span style=\"font-weight: 400;\">Die Nutzung digitaler Hilfsmittel hat Stift und Papier heute klar den Rang abgelaufen. Weniger als einer von f\u00fcnf Deutschen (19 %) gibt an, am h\u00e4ufigsten auf Papier zu schreiben, w\u00e4hrend vier von zehn Bundesb\u00fcrgern (40 %) angeben, dass sie h\u00e4ufiger die Tastatur ihres Computers, Tablets oder Telefons benutzen. Etwas mehr als ein Drittel (37 %) sch\u00e4tzen, beiden Methoden je nach Umstand gleicherma\u00dfen zu verwenden. Frauen greifen dabei h\u00e4ufiger auf Papier und Stift zur\u00fcck als M\u00e4nner (22 % gegen\u00fcber 16 %), w\u00e4hrend M\u00e4nner die Tastatur bevorzugen (44 % gegen\u00fcber 37 % der Frauen). In Bezug auf das Alter sind es die J\u00fcngeren, die die ihnen zur Verf\u00fcgung stehenden digitalen Werkzeuge am meisten nutzen: So bevorzugen 47 % der 18- bis 24-J\u00e4hrigen diese Eingabemethode, w\u00e4hrend es bei den 55- bis 65-J\u00e4hrigen nur 35 % sind.<\/span><\/b><\/p>\n<p>[\/et_pb_text][\/et_pb_column][\/et_pb_row][\/et_pb_section][et_pb_section fb_built=&#8220;1&#8243; _builder_version=&#8220;4.21.0&#8243; _module_preset=&#8220;default&#8220; hover_enabled=&#8220;0&#8243; global_colors_info=&#8220;{}&#8220; admin_label=&#8220;Q2. &#8230;mais le crayon r\u00e9siste&#8220; sticky_enabled=&#8220;0&#8243; collapsed=&#8220;on&#8220;][et_pb_row _builder_version=&#8220;4.21.0&#8243; _module_preset=&#8220;default&#8220; global_colors_info=&#8220;{}&#8220; collapsed=&#8220;on&#8220;][et_pb_column type=&#8220;4_4&#8243; _builder_version=&#8220;4.21.0&#8243; _module_preset=&#8220;default&#8220; global_colors_info=&#8220;{}&#8220;][et_pb_text admin_label=&#8220;Q2. &#8230;mais le crayon r\u00e9siste&#8220; _builder_version=&#8220;4.21.0&#8243; _module_preset=&#8220;default&#8220; global_colors_info=&#8220;{}&#8220;]<\/p>\n<h3><b>&#8230; aber der Stift h\u00e4lt sich wacker<\/b><\/h3>\n<p><b><\/b><\/p>\n<p><span style=\"font-weight: 400;\">Auch wenn die Tastatur heute nicht mehr wegzudenken ist, wird der Stift vor allem f\u00fcr schnelle Notizen oder Post-it-Zettel f\u00fcr kurze Erinnerungen in die Hand genommen. Die Mehrheit der befragten Deutschen schreibt t\u00e4glich auf Papier &#8211; 60 % tun dies einmal oder mehrmals t\u00e4glich &#8211; und 28 % mindestens einmal pro Woche. Lediglich 1 % gibt an, nie einen Stift zu verwenden. Auch hier sind Frauen st\u00e4rker von der traditionellen Kombination aus Stift und Papier angetan: 45 % der Frauen benutzen sie t\u00e4glich, w\u00e4hrend es bei den M\u00e4nnern nur 38 % sind.<\/span><\/p>\n<p>[\/et_pb_text][\/et_pb_column][\/et_pb_row][\/et_pb_section][et_pb_section fb_built=&#8220;1&#8243; _builder_version=&#8220;4.21.0&#8243; _module_preset=&#8220;default&#8220; hover_enabled=&#8220;0&#8243; global_colors_info=&#8220;{}&#8220; sticky_enabled=&#8220;0&#8243; admin_label=&#8220;Q3. L&#8217;\u00e9criture manuelle plus f\u00e9minine que masculine&#8220; collapsed=&#8220;on&#8220;][et_pb_row _builder_version=&#8220;4.21.0&#8243; _module_preset=&#8220;default&#8220; hover_enabled=&#8220;0&#8243; global_colors_info=&#8220;{}&#8220; sticky_enabled=&#8220;0&#8243; collapsed=&#8220;off&#8220;][et_pb_column type=&#8220;4_4&#8243; _builder_version=&#8220;4.21.0&#8243; _module_preset=&#8220;default&#8220; global_colors_info=&#8220;{}&#8220;][et_pb_text admin_label=&#8220;Q3. L&#8217;\u00e9criture manuelle plus f\u00e9minine que masculine&#8220; _builder_version=&#8220;4.21.0&#8243; _module_preset=&#8220;default&#8220; hover_enabled=&#8220;0&#8243; global_colors_info=&#8220;{}&#8220; sticky_enabled=&#8220;0&#8243;]<\/p>\n<h3><b>Handschrift steht bei Frauen h\u00f6her im Kurs<\/b><\/h3>\n<p>[\/et_pb_text][et_pb_image _builder_version=&#8220;4.21.0&#8243; _module_preset=&#8220;default&#8220; src=&#8220;https:\/\/speechi.com\/wp-content\/uploads\/2023\/11\/2-Handschrift-steht-bei-Frauen-hoher-im-Kurs.jpg&#8220; theme_builder_area=&#8220;post_content&#8220; admin_label=&#8220;Image. Ecriture plus f\u00e9minine que masculine&#8220; hover_enabled=&#8220;0&#8243; sticky_enabled=&#8220;0&#8243;][\/et_pb_image][et_pb_text admin_label=&#8220;Q3. L&#8217;\u00e9criture manuelle plus f\u00e9minine que masculine&#8220; _builder_version=&#8220;4.21.0&#8243; _module_preset=&#8220;default&#8220; hover_enabled=&#8220;0&#8243; global_colors_info=&#8220;{}&#8220; sticky_enabled=&#8220;0&#8243;]<\/p>\n<p><b><span style=\"font-weight: 400;\">Es ist daher nicht verwunderlich, dass nicht nur bei der H\u00e4ufigkeit, sondern auch bei den pers\u00f6nlichen Vorlieben mehr Frauen als M\u00e4nner das Schreiben per Hand angeben, mit einem Unterschied von 12 Prozentpunkten zwischen beiden Geschlechtern (46 % gegen\u00fcber 34 %). Bei der Bevorzugung der Tastatur zeigt sich hingegen eine umgekehrte Tendenz (33 % der M\u00e4nner gegen\u00fcber 21 % der Frauen).\u00a0 Eine \u00e4hnliche Kluft tut sich auf, wenn man die Antworten nach dem Alter der Befragten aufschl\u00fcsselt: W\u00e4hrend 25 % der 18- bis 24-J\u00e4hrigen angeben, Stift und Papier zu bevorzugen, waren es beim \u00e4lteren Segment zwischen 45 und 54 Jahren fast doppelt so viele (48 %).<\/span><\/b><\/p>\n<p>[\/et_pb_text][\/et_pb_column][\/et_pb_row][\/et_pb_section][et_pb_section fb_built=&#8220;1&#8243; _builder_version=&#8220;4.21.0&#8243; _module_preset=&#8220;default&#8220; hover_enabled=&#8220;0&#8243; global_colors_info=&#8220;{}&#8220; admin_label=&#8220;Q4. Une source de handicap&#8220; sticky_enabled=&#8220;0&#8243; collapsed=&#8220;on&#8220;][et_pb_row _builder_version=&#8220;4.21.0&#8243; _module_preset=&#8220;default&#8220; global_colors_info=&#8220;{}&#8220;][et_pb_column type=&#8220;4_4&#8243; _builder_version=&#8220;4.21.0&#8243; _module_preset=&#8220;default&#8220; global_colors_info=&#8220;{}&#8220;][et_pb_text admin_label=&#8220;Q4. Une source de handicap&#8220; _builder_version=&#8220;4.21.0&#8243; _module_preset=&#8220;default&#8220; hover_enabled=&#8220;0&#8243; global_colors_info=&#8220;{}&#8220; sticky_enabled=&#8220;0&#8243;]<\/p>\n<h3><b>Ursache von Benachteiligungen<\/b><\/h3>\n<p>[\/et_pb_text][et_pb_image _builder_version=&#8220;4.21.0&#8243; _module_preset=&#8220;default&#8220; src=&#8220;https:\/\/speechi.com\/wp-content\/uploads\/2023\/11\/3-Ursache-von-Benachteiligungen.jpg&#8220; theme_builder_area=&#8220;post_content&#8220; admin_label=&#8220;Image. Une source de handicap&#8220; hover_enabled=&#8220;0&#8243; sticky_enabled=&#8220;0&#8243;][\/et_pb_image][et_pb_text admin_label=&#8220;Q4. Une source de handicap&#8220; _builder_version=&#8220;4.21.0&#8243; _module_preset=&#8220;default&#8220; hover_enabled=&#8220;0&#8243; global_colors_info=&#8220;{}&#8220; sticky_enabled=&#8220;0&#8243;]<\/p>\n<p><span style=\"font-weight: 400;\">Schlechte Handschrift kann zu Bemerkungen, Kritik oder sogar zu Nachteilen im beruflichen wie auch privaten Leben f\u00fchren. So gibt die H\u00e4lfte (51 %) der Befragten dieser Studie an, dass ihre Handschrift schon einmal von Lehrern oder Kollegen kritisiert wurde, und 28 % sagen, dass ihnen dies schon mehrmals passiert ist. In geringerem, aber nicht zu\u00a0vernachl\u00e4ssigendem Ma\u00dfe haben vier von zehn Deutschen (40 %) schon einmal Angst vor dem Urteil anderer gehabt, 38 % sind davon \u00fcberzeugt, dass ihre unleserliche Handschrift ihnen schlechte Noten in der Schule eingebracht hat, und 30 % haben sich deswegen nicht getraut, sich um einen Job zu bewerben.<\/span><\/p>\n<p>[\/et_pb_text][\/et_pb_column][\/et_pb_row][\/et_pb_section][et_pb_section fb_built=&#8220;1&#8243; _builder_version=&#8220;4.21.0&#8243; _module_preset=&#8220;default&#8220; hover_enabled=&#8220;0&#8243; global_colors_info=&#8220;{}&#8220; admin_label=&#8220;Q.10 Orthographe : 9 Allemands sur 10 se jugent bons ou tr\u00e8s bons&#8220; sticky_enabled=&#8220;0&#8243; collapsed=&#8220;on&#8220;][et_pb_row _builder_version=&#8220;4.21.0&#8243; _module_preset=&#8220;default&#8220; global_colors_info=&#8220;{}&#8220;][et_pb_column type=&#8220;4_4&#8243; _builder_version=&#8220;4.21.0&#8243; _module_preset=&#8220;default&#8220; global_colors_info=&#8220;{}&#8220;][et_pb_text admin_label=&#8220;Q.10 Orthographe : 9 Allemands sur 10 se jugent bons ou tr\u00e8s bons&#8220; _builder_version=&#8220;4.21.0&#8243; _module_preset=&#8220;default&#8220; hover_enabled=&#8220;0&#8243; global_colors_info=&#8220;{}&#8220; sticky_enabled=&#8220;0&#8243;]<\/p>\n<h3><b>Rechtschreibung: Neun von zehn Deutschen halten sich f\u00fcr gut oder sehr gut<\/b><\/h3>\n<p>[\/et_pb_text][et_pb_image _builder_version=&#8220;4.21.0&#8243; _module_preset=&#8220;default&#8220; src=&#8220;https:\/\/speechi.com\/wp-content\/uploads\/2023\/11\/4-Rechtschreibung-Neun-von-zehn-Deutschen-halten-sich-fur-gut-oder-sehr-gut.jpg&#8220; theme_builder_area=&#8220;post_content&#8220; admin_label=&#8220;Image. Les Allemande se jugent bons voire tr\u00e8s bons en orthographe&#8220; hover_enabled=&#8220;0&#8243; sticky_enabled=&#8220;0&#8243;][\/et_pb_image][et_pb_text admin_label=&#8220;Q.10 Orthographe : 9 Allemands sur 10 se jugent bons ou tr\u00e8s bons&#8220; _builder_version=&#8220;4.21.0&#8243; _module_preset=&#8220;default&#8220; hover_enabled=&#8220;0&#8243; global_colors_info=&#8220;{}&#8220; sticky_enabled=&#8220;0&#8243;]<\/p>\n<p><span style=\"font-weight: 400;\">Neben der Qualit\u00e4t der Handschrift stellt auch die Kenntnis der Rechtschreibregeln eine H\u00fcrde dar, die viele Menschen nur schwer \u00fcberwinden k\u00f6nnen, obwohl die Deutschen ihr eigenes Niveau insgesamt als sehr positiv einsch\u00e4tzen. Mehr als jeder neunte ist hier von den eigenen F\u00e4higkeiten \u00fcberzeugt: 53 % halten ihr Niveau f\u00fcr gut und 39 % f\u00fcr sehr gut. Frauen sch\u00e4tzen sich selbst positiver ein als M\u00e4nner: 44 % der weiblichen Befragten beschreiben ihr Niveau als sehr gut, verglichen mit 35 % der M\u00e4nner. Bei der kleinen Minderheit, die ihr Rechtschreibniveau als schlecht einstuft, sind die unter 34-J\u00e4hrigen doppelt so h\u00e4ufig vertreten wie die \u00fcber 45-J\u00e4hrigen (11 % gegen\u00fcber 5 %).<\/span><\/p>\n<p>[\/et_pb_text][\/et_pb_column][\/et_pb_row][\/et_pb_section][et_pb_section fb_built=&#8220;1&#8243; _builder_version=&#8220;4.21.0&#8243; _module_preset=&#8220;default&#8220; hover_enabled=&#8220;0&#8243; global_colors_info=&#8220;{}&#8220; admin_label=&#8220;Q8, Q9 et Q11. Baisse du niveau : le syst\u00e8me scolaire mis en cause&#8220; sticky_enabled=&#8220;0&#8243; collapsed=&#8220;on&#8220;][et_pb_row _builder_version=&#8220;4.21.0&#8243; _module_preset=&#8220;default&#8220; global_colors_info=&#8220;{}&#8220;][et_pb_column type=&#8220;4_4&#8243; _builder_version=&#8220;4.21.0&#8243; _module_preset=&#8220;default&#8220; global_colors_info=&#8220;{}&#8220;][et_pb_text admin_label=&#8220;Q8, Q9 et Q11. Baisse du niveau : le syst\u00e8me scolaire mis en cause&#8220; _builder_version=&#8220;4.21.0&#8243; _module_preset=&#8220;default&#8220; hover_enabled=&#8220;0&#8243; global_colors_info=&#8220;{}&#8220; sticky_enabled=&#8220;0&#8243;]<\/p>\n<h3><b>Sinkendes Niveau: Schuldzuweisungen an das Schulsystem<\/b><\/h3>\n<p>[\/et_pb_text][et_pb_image _builder_version=&#8220;4.21.0&#8243; _module_preset=&#8220;default&#8220; src=&#8220;https:\/\/speechi.com\/wp-content\/uploads\/2023\/11\/5-Sinkendes-Niveau-Schuldzuweisungen-an-das-Schulsystem.jpg&#8220; theme_builder_area=&#8220;post_content&#8220; admin_label=&#8220;Image. Baisse du niveau et syst\u00e8me scolaire&#8220; hover_enabled=&#8220;0&#8243; sticky_enabled=&#8220;0&#8243;][\/et_pb_image][et_pb_text admin_label=&#8220;Q8, Q9 et Q11. Baisse du niveau : le syst\u00e8me scolaire mis en cause&#8220; _builder_version=&#8220;4.21.0&#8243; _module_preset=&#8220;default&#8220; hover_enabled=&#8220;0&#8243; global_colors_info=&#8220;{}&#8220; sticky_enabled=&#8220;0&#8243;]<\/p>\n<p><span style=\"font-weight: 400;\">Auch wenn die Deutschen ihre eigenen Rechtschreibf\u00e4higkeiten wohlwollend betrachten, sind viele der Meinung, dass das allgemeine Niveau von Jahr zu Jahr abnimmt. Mehr als jeder achte (85 %) ist dieser Meinung, 38 % sind fest davon \u00fcberzeugt. Die Schuld daf\u00fcr sieht eine gro\u00dfe Mehrheit der Befragten beim Schulsystem: 77 % antworteten, dass es in diesem Bezug nicht genug leistet.<\/span><\/p>\n<p><span style=\"font-weight: 400;\">Und dies bleibt nach Meinung der Befragten nicht ohne Folgen, da 69 % von ihnen feststellen, dass es zu Ungleichheiten zwischen denjenigen kommt, die die Rechtschreibregeln beherrschen, und denjenigen, die vermehrt Fehler machen. Paradoxerweise ist jedoch mehr als die H\u00e4lfte der Deutschen (54 %) der Meinung, dass die Rechtschreibdebatte keine gro\u00dfe Rolle spielt. Vielleicht, weil sie der Einhaltung von Regeln einen relativen Wert beimessen: Weniger als die H\u00e4lfte (46 %) gibt an, beim Schreiben sehr genau darauf zu achten. Wahrscheinlich auch, weil sie in den immer zahlreicheren und leistungsf\u00e4higeren Rechtschreibpr\u00fcfungen einen Rettungsanker sehen: 68 % sind der Meinung, dass sie das allgemeine Niveau der Rechtschreibung positiv beeinflusst haben.<\/span><\/p>\n<p>[\/et_pb_text][\/et_pb_column][\/et_pb_row][\/et_pb_section][et_pb_section fb_built=&#8220;1&#8243; _builder_version=&#8220;4.21.0&#8243; _module_preset=&#8220;default&#8220; hover_enabled=&#8220;0&#8243; global_colors_info=&#8220;{}&#8220; admin_label=&#8220;Q12. Quand l\u2019orthographe tue l\u2019amour\u2026&#8220; sticky_enabled=&#8220;0&#8243; collapsed=&#8220;on&#8220;][et_pb_row _builder_version=&#8220;4.21.0&#8243; _module_preset=&#8220;default&#8220; global_colors_info=&#8220;{}&#8220;][et_pb_column type=&#8220;4_4&#8243; _builder_version=&#8220;4.21.0&#8243; _module_preset=&#8220;default&#8220; global_colors_info=&#8220;{}&#8220;][et_pb_text admin_label=&#8220;Q12. Quand l\u2019orthographe tue l\u2019amour\u2026&#8220; _builder_version=&#8220;4.21.0&#8243; _module_preset=&#8220;default&#8220; hover_enabled=&#8220;0&#8243; global_colors_info=&#8220;{}&#8220; sticky_enabled=&#8220;0&#8243;]<\/p>\n<h3><b>Rechtschreibung als Liebest\u00f6ter &#8230;<\/b><\/h3>\n<p>[\/et_pb_text][et_pb_image _builder_version=&#8220;4.21.0&#8243; _module_preset=&#8220;default&#8220; src=&#8220;https:\/\/speechi.com\/wp-content\/uploads\/2023\/11\/6-Rechtschreibung-als-Liebestoter-.jpg&#8220; theme_builder_area=&#8220;post_content&#8220; admin_label=&#8220;Image. Les fautes d&#8217;orthographe, un tue-l&#8217;amour&#8220; hover_enabled=&#8220;0&#8243; sticky_enabled=&#8220;0&#8243;][\/et_pb_image][et_pb_text admin_label=&#8220;Q12. Quand l\u2019orthographe tue l\u2019amour\u2026&#8220; _builder_version=&#8220;4.21.0&#8243; _module_preset=&#8220;default&#8220; hover_enabled=&#8220;0&#8243; global_colors_info=&#8220;{}&#8220; sticky_enabled=&#8220;0&#8243;]<\/p>\n<p><span style=\"font-weight: 400;\">Dennoch sind die Auswirkungen einer mangelhaften Rechtschreibung alles andere als harmlos. So geben 34 % der Deutschen an, aus diesem Grund nicht das gew\u00fcnschte Studium angefangen oder den Wunschberuf erlangt zu haben. \u00c4hnlich viele glauben, dass ihre Rechtschreibkenntnisse ihre berufliche Entwicklung beeintr\u00e4chtigt hat (34 %), und 36 % sagen, dass sie dadurch am Arbeitsplatz unangenehme Momente erlebt haben.<\/span><\/p>\n<p><span style=\"font-weight: 400;\">Auch im Privatleben sind Rechtschreibfehler nicht auf die leichte Schulter zu nehmen, denn sechs von zehn Deutschen (60 %) halten diese f\u00fcr einen Liebest\u00f6ter. Eine Ansicht, die gleicherma\u00dfen von Frauen und M\u00e4nnern geteilt wird, die aber bei jungen Menschen von 18 bis 24 Jahren (68 %) mehr Zuspruch findet als bei \u00e4lteren Generationen (z. B. 57 % bei den 45-54-J\u00e4hrigen).\u00a0 <\/span><\/p>\n<p>[\/et_pb_text][\/et_pb_column][\/et_pb_row][\/et_pb_section][et_pb_section fb_built=&#8220;1&#8243; _builder_version=&#8220;4.21.0&#8243; _module_preset=&#8220;default&#8220; hover_enabled=&#8220;0&#8243; global_colors_info=&#8220;{}&#8220; admin_label=&#8220;Q5, Q6 et Q7. \u00c9criture inclusive : une opinion publique plut\u00f4t ouverte&#8220; sticky_enabled=&#8220;0&#8243; collapsed=&#8220;on&#8220;][et_pb_row _builder_version=&#8220;4.21.0&#8243; _module_preset=&#8220;default&#8220; global_colors_info=&#8220;{}&#8220; collapsed=&#8220;off&#8220;][et_pb_column type=&#8220;4_4&#8243; _builder_version=&#8220;4.21.0&#8243; _module_preset=&#8220;default&#8220; global_colors_info=&#8220;{}&#8220;][et_pb_text admin_label=&#8220;Q5, Q6 et Q7. \u00c9criture inclusive : une opinion publique plut\u00f4t ouverte&#8220; _builder_version=&#8220;4.21.0&#8243; _module_preset=&#8220;default&#8220; hover_enabled=&#8220;0&#8243; global_colors_info=&#8220;{}&#8220; sticky_enabled=&#8220;0&#8243;]<\/p>\n<h3><b>Inklusive Schreibweise: Eine eher aufgeschlossene Haltung<\/b><\/h3>\n<p>[\/et_pb_text][et_pb_image _builder_version=&#8220;4.21.0&#8243; _module_preset=&#8220;default&#8220; src=&#8220;https:\/\/speechi.com\/wp-content\/uploads\/2023\/11\/7-Inklusive-Schreibweise-Eine-eher-aufgeschlossene-Haltung.jpg&#8220; theme_builder_area=&#8220;post_content&#8220; admin_label=&#8220;Image. Ecriture inclusive&#8220; hover_enabled=&#8220;0&#8243; sticky_enabled=&#8220;0&#8243;][\/et_pb_image][et_pb_text admin_label=&#8220;Q5, Q6 et Q7. \u00c9criture inclusive : une opinion publique plut\u00f4t ouverte&#8220; _builder_version=&#8220;4.21.0&#8243; _module_preset=&#8220;default&#8220; hover_enabled=&#8220;0&#8243; global_colors_info=&#8220;{}&#8220; sticky_enabled=&#8220;0&#8243;]<\/p>\n<p><span style=\"font-weight: 400;\">Wenn es heute um Schreiben und Rechtschreibung geht, ist inklusives Schreiben ebenfalls ein Thema. Daher galt es, auch diesbez\u00fcglich die Wahrnehmung der deutschen \u00d6ffentlichkeit zu messen. Aus den Ergebnissen geht hervor, dass die \u00f6ffentliche Meinung dieser aufgeschlossen und positiv gegen\u00fcbersteht.<\/span><\/p>\n<p><span style=\"font-weight: 400;\">So bef\u00fcrwortet die Mehrheit der Befragten deren Verwendung in offiziellen Dokumenten (64 %), in den Medien (65 %), im beruflichen (69 %) und im privaten (70 %) Austausch.<\/span><\/p>\n<p><span style=\"font-weight: 400;\">Mehr als die H\u00e4lfte (54 %) ist au\u00dferdem der Ansicht, dass die Verwendung inklusiver Schreibweise die Kommunikation erleichtern kann, w\u00e4hrend 31 % der Meinung sind, dass sie keine Auswirkungen auf die Kommunikation hat und nur 15 % sehen sie als Ursache f\u00fcr Schwierigkeiten.<\/span><\/p>\n<p><span style=\"font-weight: 400;\">Schlie\u00dflich, und dies ist ein weiterer positiver Aspekt der erfassten Antworten, sehen 65 % der Deutschen in der Verwendung inklusiver Schreibweise einen Fortschritt f\u00fcr die Gleichstellung der Geschlechter. Diese Ansicht wird von M\u00e4nnern und Frauen gleicherma\u00dfen geteilt und ist besonders bei den J\u00fcngeren pr\u00e4sent: 74 % der 18- bis 24-J\u00e4hrigen sehen darin einen Fortschritt in diesem Bereich.<\/span><\/p>\n<p><i><span style=\"font-weight: 400;\">Die Umfrage wurde vom 10. bis zum 13. November von Appinio f\u00fcr Speechi.com durchgef\u00fchrt. Befragt wurden 1.007 Personen, die repr\u00e4sentativ f\u00fcr die deutsche Bev\u00f6lkerung zwischen 18 und 65 Jahren sind.<\/span><\/i><\/p>\n<p>[\/et_pb_text][\/et_pb_column][\/et_pb_row][\/et_pb_section][et_pb_section fb_built=&#8220;1&#8243; _builder_version=&#8220;4.21.0&#8243; _module_preset=&#8220;default&#8220; hover_enabled=&#8220;0&#8243; global_colors_info=&#8220;{}&#8220; admin_label=&#8220;Allemagne &#8211; France&#8220; sticky_enabled=&#8220;0&#8243; collapsed=&#8220;on&#8220;][et_pb_row _builder_version=&#8220;4.21.0&#8243; _module_preset=&#8220;default&#8220; global_colors_info=&#8220;{}&#8220;][et_pb_column type=&#8220;4_4&#8243; _builder_version=&#8220;4.21.0&#8243; _module_preset=&#8220;default&#8220; global_colors_info=&#8220;{}&#8220;][et_pb_text _builder_version=&#8220;4.21.0&#8243; _module_preset=&#8220;default&#8220; hover_enabled=&#8220;0&#8243; border_color_all=&#8220;#0a0a0a&#8220; global_colors_info=&#8220;{}&#8220; sticky_enabled=&#8220;0&#8243; admin_label=&#8220;Allemagne &#8211; France&#8220;]<\/p>\n<h2><b>Perspektiven Deutschland-Frankreich<\/b><\/h2>\n<p><b><\/b><\/p>\n<p><b><i>Zwei im Jahr 2023 in Frankreich durchgef\u00fchrte Umfragen erm\u00f6glichen es, interessante Vergleiche zu den Thematiken Handschrift, Rechtschreibung und inklusive Schreibweise zu ziehen<\/i><\/b><b>.<\/b><\/p>\n<p><span style=\"font-weight: 400;\">19 % der Deutschen und 11 % der Franzosen schreiben h\u00e4ufiger per Hand als mit einer Tastatur<\/span><\/p>\n<p><span style=\"font-weight: 400;\">38 % der Deutschen und 27 % der Franzosen glauben, dass ihre Handschrift ihnen schlechte Noten in der Schule eingebracht hat<\/span><\/p>\n<p><span style=\"font-weight: 400;\">92 % der Deutschen und 85 % der Franzosen halten ihre Rechtschreibung f\u00fcr sehr gut<\/span><\/p>\n<p><span style=\"font-weight: 400;\">85 % der Deutschen und 62 % der Franzosen sind der Ansicht, dass das Rechtschreibniveau in ihrem Land sinkt<\/span><\/p>\n<p><span style=\"font-weight: 400;\">36 % der Deutschen und 25 % der Franzosen haben aufgrund ihrer Rechtschreibung unangenehme Moment am Arbeitsplatz erlebt<\/span><\/p>\n<p><span style=\"font-weight: 400;\">60 % der Deutschen und 40 % der Franzosen sehen Rechtschreibfehler als Liebest\u00f6ter<\/span><\/p>\n<p><span style=\"font-weight: 400;\">64 % der Deutschen und 51 % der Franzosen bef\u00fcrworten die Verwendung inklusiver Schreibeweise in Verwaltungsdokumenten<\/span><\/p>\n<p><span style=\"font-weight: 400;\">70 % der Deutschen und 49 % der Franzosen bef\u00fcrworten die Verwendung inklusiver Schreibweise im privaten Austausch<\/span><\/p>\n<p><i><span style=\"font-weight: 400;\">* IFOP-Studie f\u00fcr Otypo.com, Mai 2023, &#8222;Les Fran\u00e7ais et l\u2019\u00e9criture manuscrite : le stylo a-t-il dit son dernier mot ? &#8222;<\/span><\/i><\/p>\n<p><i><span style=\"font-weight: 400;\">** IFOP-Studie f\u00fcr MerciApp.com, Juni 2023, &#8222;Les Fran\u00e7ais sont-ils f\u00e2ch\u00e9s avec l\u2019orthographe ? &#8222;<\/span><\/i><\/p>\n<p><i><span style=\"font-weight: 400;\"><\/span><\/i><\/p>\n<p><a href=\"https:\/\/speechi-support.speechi.com\/Presse\/Die-Schreibgewohnheiten-der-Deutschen-im-digitalen-Zeitalter.pdf\" target=\"_blank\" rel=\"noopener\" title=\"Die Schreibgewohnheiten der Deutschen im digitalen Zeitalter - Appinio Speechi Flashs - Nov. 23\"><strong>Die vollst\u00e4ndigen Ergebnisse der Umfrage k\u00f6nnen Sie \u00fcber diesen Link herunterladen.<\/strong><\/a><\/p>\n<p>[\/et_pb_text][\/et_pb_column][\/et_pb_row][\/et_pb_section]<\/p>\n","protected":false},"excerpt":{"rendered":"<p>Exklusive Umfrage von Appinio f\u00fcr SpeechiDie Deutschen, ihre Handschrift und Rechtschreibung im digitalen ZeitalterDigitale Hilfsmittel und die Tastatur sind im Laufe der Jahre zu einem festen Bestandteil unseres Lebens geworden und werfen die Frage auf: Welchen Stellenwert hat die Handschrift heute im Alltag der Deutschen? Gibt es noch Anh\u00e4nger der klassischen Papier-Bleistift-Kombination und wie viele? [&hellip;]<\/p>\n","protected":false},"author":5,"featured_media":0,"parent":0,"menu_order":0,"comment_status":"closed","ping_status":"closed","template":"","meta":{"_acf_changed":false,"_seopress_robots_primary_cat":"","_seopress_titles_title":"Exclusive Umfrage : Die Deutschen und das Schreiben","_seopress_titles_desc":"Digitale Hilfsmittel und die Tastatur sind im Laufe der Jahre zu einem festen Bestandteil unseres Lebens geworden und werfen die Frage auf: Welchen Stellenwert hat die Handschrift heute im Alltag der Deutschen? ","_seopress_robots_index":"","_et_pb_use_builder":"on","_et_pb_old_content":"<!-- wp:divi\/placeholder \/-->","_et_gb_content_width":"","footnotes":""},"difl_page_category":[],"class_list":["post-4408757","page","type-page","status-publish","hentry"],"acf":[],"_links":{"self":[{"href":"https:\/\/speechi.com\/de\/wp-json\/wp\/v2\/pages\/4408757","targetHints":{"allow":["GET"]}}],"collection":[{"href":"https:\/\/speechi.com\/de\/wp-json\/wp\/v2\/pages"}],"about":[{"href":"https:\/\/speechi.com\/de\/wp-json\/wp\/v2\/types\/page"}],"author":[{"embeddable":true,"href":"https:\/\/speechi.com\/de\/wp-json\/wp\/v2\/users\/5"}],"replies":[{"embeddable":true,"href":"https:\/\/speechi.com\/de\/wp-json\/wp\/v2\/comments?post=4408757"}],"version-history":[{"count":22,"href":"https:\/\/speechi.com\/de\/wp-json\/wp\/v2\/pages\/4408757\/revisions"}],"predecessor-version":[{"id":4408825,"href":"https:\/\/speechi.com\/de\/wp-json\/wp\/v2\/pages\/4408757\/revisions\/4408825"}],"wp:attachment":[{"href":"https:\/\/speechi.com\/de\/wp-json\/wp\/v2\/media?parent=4408757"}],"wp:term":[{"taxonomy":"difl_page_category","embeddable":true,"href":"https:\/\/speechi.com\/de\/wp-json\/wp\/v2\/difl_page_category?post=4408757"}],"curies":[{"name":"wp","href":"https:\/\/api.w.org\/{rel}","templated":true}]}}